{"id":15,"date":"2015-01-09T23:40:47","date_gmt":"2015-01-09T23:40:47","guid":{"rendered":"http:\/\/dieboehms-film.ch\/ch\/wordpress\/?page_id=15"},"modified":"2016-04-17T14:54:43","modified_gmt":"2016-04-17T14:54:43","slug":"presse","status":"publish","type":"page","link":"https:\/\/dieboehms-film.ch\/ch\/?page_id=15","title":{"rendered":"PRESSE"},"content":{"rendered":"<h2 style=\"text-align: center;\">Pressestimmen<\/h2>\n<div id=\"stcpDiv\" style=\"text-align: center;\">\n<div class=\"page\" title=\"Page 10\">\n<div class=\"section\">\n<div class=\"layoutArea\">\n<div class=\"column\">\n<div class=\"page\" style=\"text-align: center;\" title=\"Page 10\">\n<div class=\"section\">\n<div class=\"layoutArea\">\n<div class=\"column\">\n<p><em>&#8222;Ein Highlight! Geh\u00f6rt zum Besten, was beim Leipziger Dok-Fest zu sehen war.&#8220;<\/em><br \/>\n<strong><a href=\"http:\/\/www.artechock.de\/film\/text\/special\/2014\/cinema_moralia\/11_06.html\" target=\"_blank\">Artechock<\/a><\/strong><\/p>\n<p>&#8222;Absolut sehenswert&#8220;<br \/>\n<strong><a href=\"http:\/\/www1.wdr.de\/fernsehen\/kultur\/west-art-magazin\/sendungen\/gottfriedboehm120.html\" target=\"_blank\">WDR &#8211; West Art, TV-Beitrag<\/a><\/strong><\/p>\n<\/div>\n<\/div>\n<\/div>\n<\/div>\n<p style=\"text-align: center;\"><em>&#8222;Ein Film \u00fcber Architektur, aber besonders \u00fcber das Leben und \u00fcber die Last der Tradition. DIE B\u00d6HMS \u2013 ARCHITEKTUR EINER FAMILIE ist ein befreiender, ein eleganter Film.&#8220;<\/em><br \/>\n<strong><a href=\"http:\/\/cineuropa.org\/nw.aspx?t=newsdetail&amp;l=en&amp;did=280801\" target=\"_blank\">Cineuropa<\/a><\/strong><\/p>\n<div class=\"page\" style=\"text-align: center;\" title=\"Page 10\">\n<div class=\"section\">\n<div class=\"layoutArea\">\n<div class=\"column\">\n<p><em>\u201eEin charismatischer Film, der uns mitnimmt in ein Zuhause, in dem es nur eines gibt: Architektur.\u201c<\/em><br \/>\n<strong>Kino-Zeit<\/strong><\/p>\n<div class=\"page\" style=\"text-align: left;\" title=\"Page 10\">\n<div class=\"section\">\n<div class=\"layoutArea\">\n<div class=\"column\">\n<p style=\"text-align: center;\"><em>\u201eDer Film erz\u00e4hlt vielschichtig von der Liebe, der Leidenschaft f\u00fcr Architektur und vier Generationen deutscher Geschichte. Dem jungen Regisseur Maurizius Staerkle\u00a0 Drux gelingt damit ein ber\u00fchrendes Portrait des 94-j\u00e4hrigen Architekten Gottfried B\u00f6hm und seiner Familie.\u201c<\/em><br \/>\n<a href=\"https:\/\/www.goethe.de\/de\/uun\/prs\/prm\/20441599.html\" target=\"_blank\"><strong>Jurybegr\u00fcndung, Goethe-Institut Dokumentarfilmpreis 2014<\/strong><\/a><\/p>\n<\/div>\n<\/div>\n<\/div>\n<\/div>\n<p><em>\u201eSo gelingt Staerkle-Drux tats\u00e4chlich zweierlei: Er besucht und w\u00fcrdigt die Bauten der B\u00f6hms rund um die Welt, nat\u00fcrlich die Arbeiten Gottfrieds in K\u00f6ln und im Rheinland bis hin zu Peters \u00c4gyptischem Museum in M\u00fcnchen oder Stephans Hochh\u00e4usern in China. Dar\u00fcber hinaus aber studiert er \u00e4u\u00dferst sensibel das famili\u00e4re Geb\u00e4ude, das von immensem Zusammenhalt gepr\u00e4gt ist \u2013 in dem aber auch ein jeder auf dem eigenen Zimmer besteht, denn trotz allen Familiensinns herrscht unter den S\u00f6hnen Konkurrenz.\u201c<\/em><br \/>\n<a href=\"http:\/\/www.ksta.de\/kultur\/dokumentation-auf-den-schultern-des-giganten-gottfried-boehm,15189520,29640214.html\"><strong>K\u00f6lner Stadtanzeiger<\/strong><\/a><\/p>\n<p><em>\u201eDer junge Schweizer Regisseur Maurizius Staerkle-Drux erz\u00e4hlt mit suggestiven Bildern \u00fcber den Architekten Gottfried B\u00f6hm, der im Alter von 95 Jahren noch immer vision\u00e4r arbeitet. Liebevoll st\u00fctzt er seine demente Frau Elisabeth bis zu ihrem Tod. Seine drei Architektens\u00f6hne diskutieren mit ihm ihre Arbeiten voller Respekt. Der eindrucksvolle Film &#8222;Die B\u00f6hms&#8220; ist mehr als eine Dokumentation \u00fcber ber\u00fchmte Architekten, sondern erz\u00e4hlt auch eine Geschichte des zutiefst menschlichen Miteinanders.\u201c<\/em><br \/>\n<strong><a href=\"http:\/\/www.domradio.de\/themen\/kultur\/2015-01-25\/die-boehms-dokumentarfilm-ueber-die-beruehmte-architektenfamilie\">DomRadio.de<\/a><\/strong><\/p>\n<p>&nbsp;<\/p>\n<h2 style=\"text-align: left;\"><\/h2>\n<h2><\/h2>\n<h2>Pressematerial<\/h2>\n<p><a href=\"https:\/\/www.dropbox.com\/sh\/m6zsbvssjjf1772\/AAArSnKNHxkIAjARCWKymuFia?dl=0\" target=\"_blank\">Pressebilder als ZIP<\/a><br \/>\n<a href=\"https:\/\/dieboehms-film.ch\/ch\/wp-content\/uploads\/2015\/01\/BAF-Presseheft_Web.pdf\">BAF Presseheft<\/a><br \/>\n<a href=\"https:\/\/dieboehms-film.ch\/ch\/wp-content\/uploads\/2015\/01\/BAF_Flyer-ohne1.pdf\" target=\"_blank\">Flyer<\/a><\/p>\n<h2><\/h2>\n<h2><\/h2>\n<h2>Pressekontakt<\/h2>\n<p>cineworx gmbh<br \/>\nRahel Dondiego<br \/>\nClarastrasse 48<br \/>\n4005 Basel<br \/>\n+41-61 261 63 70<br \/>\n<a href=\"mailto:info@cineworx.ch\">dondiego@cineworx.ch<\/a><br \/>\n<a href=\"http:\/\/www.cineworx.ch\">www.cineworx.ch<\/a><\/p>\n<h2><\/h2>\n<p>&nbsp;<\/p>\n<h2 style=\"text-align: center;\">Filmstills<\/h2>\n<p><a href=\"https:\/\/dieboehms-film.ch\/ch\/wp-content\/uploads\/2015\/01\/ArchitekturEinerFamilie_GoundSoehne.jpg\"><img loading=\"lazy\" decoding=\"async\" class=\"alignnone size-thumbnail wp-image-102\" src=\"https:\/\/dieboehms-film.ch\/ch\/wp-content\/uploads\/2015\/01\/ArchitekturEinerFamilie_GoundSoehne-150x150.jpg\" alt=\"ArchitekturEinerFamilie_GoundSoehne\" width=\"150\" height=\"150\" srcset=\"https:\/\/dieboehms-film.ch\/ch\/wp-content\/uploads\/2015\/01\/ArchitekturEinerFamilie_GoundSoehne-150x150.jpg 150w, https:\/\/dieboehms-film.ch\/ch\/wp-content\/uploads\/2015\/01\/ArchitekturEinerFamilie_GoundSoehne-210x210.jpg 210w\" sizes=\"auto, (max-width: 150px) 100vw, 150px\" \/><\/a><a href=\"https:\/\/dieboehms-film.ch\/ch\/wp-content\/uploads\/2015\/01\/WallfahrtskircheNeviges.jpg\"><img loading=\"lazy\" decoding=\"async\" class=\"alignnone size-thumbnail wp-image-105\" src=\"https:\/\/dieboehms-film.ch\/ch\/wp-content\/uploads\/2015\/01\/WallfahrtskircheNeviges-150x150.jpg\" alt=\"WallfahrtskircheNeviges\" width=\"150\" height=\"150\" srcset=\"https:\/\/dieboehms-film.ch\/ch\/wp-content\/uploads\/2015\/01\/WallfahrtskircheNeviges-150x150.jpg 150w, https:\/\/dieboehms-film.ch\/ch\/wp-content\/uploads\/2015\/01\/WallfahrtskircheNeviges-210x210.jpg 210w\" sizes=\"auto, (max-width: 150px) 100vw, 150px\" \/><\/a><a href=\"https:\/\/dieboehms-film.ch\/ch\/wp-content\/uploads\/2015\/01\/Go-El-New.jpg\"><img loading=\"lazy\" decoding=\"async\" class=\"alignnone size-thumbnail wp-image-100\" src=\"https:\/\/dieboehms-film.ch\/ch\/wp-content\/uploads\/2015\/01\/Go-El-New-150x150.jpg\" alt=\"Go El New\" width=\"150\" height=\"150\" srcset=\"https:\/\/dieboehms-film.ch\/ch\/wp-content\/uploads\/2015\/01\/Go-El-New-150x150.jpg 150w, https:\/\/dieboehms-film.ch\/ch\/wp-content\/uploads\/2015\/01\/Go-El-New-210x210.jpg 210w\" sizes=\"auto, (max-width: 150px) 100vw, 150px\" \/><\/a><a href=\"https:\/\/dieboehms-film.ch\/ch\/wp-content\/uploads\/2015\/01\/PingPong.jpg\"><img loading=\"lazy\" decoding=\"async\" class=\"alignnone size-thumbnail wp-image-99\" src=\"https:\/\/dieboehms-film.ch\/ch\/wp-content\/uploads\/2015\/01\/PingPong-150x150.jpg\" alt=\"PingPong\" width=\"150\" height=\"150\" srcset=\"https:\/\/dieboehms-film.ch\/ch\/wp-content\/uploads\/2015\/01\/PingPong-150x150.jpg 150w, https:\/\/dieboehms-film.ch\/ch\/wp-content\/uploads\/2015\/01\/PingPong-210x210.jpg 210w\" sizes=\"auto, (max-width: 150px) 100vw, 150px\" \/><\/a><a href=\"https:\/\/dieboehms-film.ch\/ch\/wp-content\/uploads\/2015\/01\/MoscheeKoeln.jpg\"><img loading=\"lazy\" decoding=\"async\" class=\"alignnone size-thumbnail wp-image-101\" src=\"https:\/\/dieboehms-film.ch\/ch\/wp-content\/uploads\/2015\/01\/MoscheeKoeln-150x150.jpg\" alt=\"MoscheeKoeln\" width=\"150\" height=\"150\" srcset=\"https:\/\/dieboehms-film.ch\/ch\/wp-content\/uploads\/2015\/01\/MoscheeKoeln-150x150.jpg 150w, https:\/\/dieboehms-film.ch\/ch\/wp-content\/uploads\/2015\/01\/MoscheeKoeln-210x210.jpg 210w\" sizes=\"auto, (max-width: 150px) 100vw, 150px\" \/><\/a><a href=\"https:\/\/dieboehms-film.ch\/ch\/wp-content\/uploads\/2015\/01\/GoDenkt.jpg\"><img loading=\"lazy\" decoding=\"async\" class=\"alignnone size-thumbnail wp-image-103\" src=\"https:\/\/dieboehms-film.ch\/ch\/wp-content\/uploads\/2015\/01\/GoDenkt-150x150.jpg\" alt=\"GoDenkt\" width=\"150\" height=\"150\" srcset=\"https:\/\/dieboehms-film.ch\/ch\/wp-content\/uploads\/2015\/01\/GoDenkt-150x150.jpg 150w, https:\/\/dieboehms-film.ch\/ch\/wp-content\/uploads\/2015\/01\/GoDenkt-210x210.jpg 210w\" sizes=\"auto, (max-width: 150px) 100vw, 150px\" \/><\/a><a href=\"https:\/\/dieboehms-film.ch\/ch\/wp-content\/uploads\/2015\/01\/Family-New.jpg\"><img loading=\"lazy\" decoding=\"async\" class=\"alignnone size-thumbnail wp-image-173\" src=\"https:\/\/dieboehms-film.ch\/ch\/wp-content\/uploads\/2015\/01\/Family-New-150x150.jpg\" alt=\"Family New\" width=\"150\" height=\"150\" srcset=\"https:\/\/dieboehms-film.ch\/ch\/wp-content\/uploads\/2015\/01\/Family-New-150x150.jpg 150w, https:\/\/dieboehms-film.ch\/ch\/wp-content\/uploads\/2015\/01\/Family-New-210x210.jpg 210w\" sizes=\"auto, (max-width: 150px) 100vw, 150px\" \/><\/a><a href=\"https:\/\/dieboehms-film.ch\/ch\/wp-content\/uploads\/2015\/01\/Bau-Melaten.jpg\"><img loading=\"lazy\" decoding=\"async\" class=\"alignnone size-thumbnail wp-image-174\" src=\"https:\/\/dieboehms-film.ch\/ch\/wp-content\/uploads\/2015\/01\/Bau-Melaten-150x150.jpg\" alt=\"Bau Melaten\" width=\"150\" height=\"150\" srcset=\"https:\/\/dieboehms-film.ch\/ch\/wp-content\/uploads\/2015\/01\/Bau-Melaten-150x150.jpg 150w, https:\/\/dieboehms-film.ch\/ch\/wp-content\/uploads\/2015\/01\/Bau-Melaten-210x210.jpg 210w\" sizes=\"auto, (max-width: 150px) 100vw, 150px\" \/><\/a><\/p>\n<p>&nbsp;<\/p>\n<p>&nbsp;<\/p>\n<h2 style=\"text-align: center;\">Filmmusik<\/h2>\n<p>Die Filmmusik ist komponiert und eingespielt von Jonas B\u00fchler,<br \/>\nViola von David Schnee, Drums von Nicolas Stocker, Gemischt von Andi Pupato und Manu Gerber.<\/p>\n<p><iframe loading=\"lazy\" src=\"https:\/\/w.soundcloud.com\/player\/?url=https%3A\/\/api.soundcloud.com\/playlists\/81548813&amp;color=ff5500&amp;auto_play=false&amp;hide_related=false&amp;show_comments=true&amp;show_user=true&amp;show_reposts=false\" width=\"100%\" height=\"450\" frameborder=\"no\" scrolling=\"no\"><\/iframe><\/p>\n<p>&nbsp;<\/p>\n<h2>Festivals<\/h2>\n<div class=\"page\" style=\"text-align: left;\" title=\"Page 10\">\n<div class=\"section\">\n<div class=\"layoutArea\">\n<div class=\"column\">\n<div class=\"page\" title=\"Page 10\">\n<div class=\"section\">\n<div class=\"layoutArea\">\n<div class=\"column\">\n<p style=\"text-align: center;\"><a href=\"http:\/\/tools.solothurnerfilmtage.ch\/home\/programm_detail.aspx?FilmId=22723\" target=\"_blank\">50. Solothurner Filmtage 2015, Nomination Prix de Soleure<\/a><br \/>\nLola @ Berlinale, Vorauswahl Deutscher Filmpreis (Bester Film)<br \/>\n<a href=\"https:\/\/www.goethe.de\/de\/uun\/prs\/prm\/20441599.html\" target=\"_blank\">Dokumentarfilmpreis des Goethe-Instituts 2014<\/a><br \/>\n<a href=\"http:\/\/slamdance.com\/FROM-BASTARDS-TO-FEMALE-PERVERT-SLAMDANCE-2015-ANNOUNCES-DIVERSE\" target=\"_blank\">Slamdance Filmfestival 2015<\/a><br \/>\n<a href=\"http:\/\/www.goethe.de\/ins\/us\/saf\/prj\/bby\/enindex.htm?wt_sc=berlinbeyond\" target=\"_blank\">Berlin &amp; Beyond Filmfestival San Francisco 2015<br \/>\n<\/a>World Film Festival Estland 14.-21. M\u00e4rz 2105<br \/>\nDoc Aviv Israel 7.-16. Mai 2015<br \/>\n<a href=\"http:\/\/www.max-ophuels-preis.de\/film_abc_detail\/movie-54a96faa3d020\" target=\"_blank\">Max Oph\u00fcls Film Festival 2015<\/a><br \/>\nDok Leipzig 2014, Deutscher Wettbewerb<br \/>\nArri Pitch Award 2012<\/p>\n<\/div>\n<\/div>\n<\/div>\n<\/div>\n<\/div>\n<\/div>\n<\/div>\n<\/div>\n<\/div>\n<\/div>\n<\/div>\n<\/div>\n<\/div>\n<\/div>\n<\/div>\n<\/div>\n<\/div>\n","protected":false},"excerpt":{"rendered":"<p>Pressestimmen &#8222;Ein Highlight! Geh\u00f6rt zum Besten, was beim Leipziger Dok-Fest zu sehen war.&#8220; Artechock &#8222;Absolut sehenswert&#8220; WDR &#8211; West Art, TV-Beitrag &#8222;Ein Film \u00fcber Architektur, aber besonders \u00fcber das Leben &hellip; <a class=\"readmore\" href=\"https:\/\/dieboehms-film.ch\/ch\/?page_id=15\">Continue Reading &rarr;<\/a><\/p>\n","protected":false},"author":1,"featured_media":0,"parent":0,"menu_order":0,"comment_status":"open","ping_status":"open","template":"","meta":{"footnotes":""},"class_list":["post-15","page","type-page","status-publish","hentry"],"yoast_head":"<!-- This site is optimized with the Yoast SEO plugin v27.5 - https:\/\/yoast.com\/product\/yoast-seo-wordpress\/ -->\n<title>PRESSE - DIE B\u00d6HMS<\/title>\n<meta name=\"robots\" content=\"index, follow, max-snippet:-1, max-image-preview:large, max-video-preview:-1\" \/>\n<link rel=\"canonical\" href=\"https:\/\/dieboehms-film.ch\/ch\/?page_id=15\" \/>\n<meta property=\"og:locale\" content=\"de_DE\" \/>\n<meta property=\"og:type\" content=\"article\" \/>\n<meta property=\"og:title\" content=\"PRESSE - DIE B\u00d6HMS\" \/>\n<meta property=\"og:description\" content=\"Pressestimmen &#8222;Ein Highlight! Geh\u00f6rt zum Besten, was beim Leipziger Dok-Fest zu sehen war.&#8220; Artechock &#8222;Absolut sehenswert&#8220; WDR &#8211; West Art, TV-Beitrag &#8222;Ein Film \u00fcber Architektur, aber besonders \u00fcber das Leben &hellip; Continue Reading &rarr;\" \/>\n<meta property=\"og:url\" content=\"https:\/\/dieboehms-film.ch\/ch\/?page_id=15\" \/>\n<meta property=\"og:site_name\" content=\"DIE B\u00d6HMS\" \/>\n<meta property=\"article:publisher\" content=\"https:\/\/www.facebook.com\/dieboehmsfilm\" \/>\n<meta property=\"article:modified_time\" content=\"2016-04-17T14:54:43+00:00\" \/>\n<meta property=\"og:image\" content=\"http:\/\/dieboehms-film.ch\/ch\/wp-content\/uploads\/2015\/01\/ArchitekturEinerFamilie_GoundSoehne-150x150.jpg\" \/>\n<meta name=\"twitter:label1\" content=\"Gesch\u00e4tzte Lesezeit\" \/>\n\t<meta name=\"twitter:data1\" content=\"2\u00a0Minuten\" \/>\n<script type=\"application\/ld+json\" class=\"yoast-schema-graph\">{\"@context\":\"https:\\\/\\\/schema.org\",\"@graph\":[{\"@type\":\"WebPage\",\"@id\":\"https:\\\/\\\/dieboehms-film.ch\\\/ch\\\/?page_id=15\",\"url\":\"https:\\\/\\\/dieboehms-film.ch\\\/ch\\\/?page_id=15\",\"name\":\"PRESSE - DIE B\u00d6HMS\",\"isPartOf\":{\"@id\":\"https:\\\/\\\/dieboehms-film.ch\\\/ch\\\/#website\"},\"primaryImageOfPage\":{\"@id\":\"https:\\\/\\\/dieboehms-film.ch\\\/ch\\\/?page_id=15#primaryimage\"},\"image\":{\"@id\":\"https:\\\/\\\/dieboehms-film.ch\\\/ch\\\/?page_id=15#primaryimage\"},\"thumbnailUrl\":\"http:\\\/\\\/dieboehms-film.ch\\\/ch\\\/wp-content\\\/uploads\\\/2015\\\/01\\\/ArchitekturEinerFamilie_GoundSoehne-150x150.jpg\",\"datePublished\":\"2015-01-09T23:40:47+00:00\",\"dateModified\":\"2016-04-17T14:54:43+00:00\",\"breadcrumb\":{\"@id\":\"https:\\\/\\\/dieboehms-film.ch\\\/ch\\\/?page_id=15#breadcrumb\"},\"inLanguage\":\"de\",\"potentialAction\":[{\"@type\":\"ReadAction\",\"target\":[\"https:\\\/\\\/dieboehms-film.ch\\\/ch\\\/?page_id=15\"]}]},{\"@type\":\"ImageObject\",\"inLanguage\":\"de\",\"@id\":\"https:\\\/\\\/dieboehms-film.ch\\\/ch\\\/?page_id=15#primaryimage\",\"url\":\"http:\\\/\\\/dieboehms-film.ch\\\/ch\\\/wp-content\\\/uploads\\\/2015\\\/01\\\/ArchitekturEinerFamilie_GoundSoehne-150x150.jpg\",\"contentUrl\":\"http:\\\/\\\/dieboehms-film.ch\\\/ch\\\/wp-content\\\/uploads\\\/2015\\\/01\\\/ArchitekturEinerFamilie_GoundSoehne-150x150.jpg\"},{\"@type\":\"BreadcrumbList\",\"@id\":\"https:\\\/\\\/dieboehms-film.ch\\\/ch\\\/?page_id=15#breadcrumb\",\"itemListElement\":[{\"@type\":\"ListItem\",\"position\":1,\"name\":\"Startseite\",\"item\":\"https:\\\/\\\/dieboehms-film.ch\\\/ch\\\/\"},{\"@type\":\"ListItem\",\"position\":2,\"name\":\"PRESSE\"}]},{\"@type\":\"WebSite\",\"@id\":\"https:\\\/\\\/dieboehms-film.ch\\\/ch\\\/#website\",\"url\":\"https:\\\/\\\/dieboehms-film.ch\\\/ch\\\/\",\"name\":\"DIE B\u00d6HMS\",\"description\":\"Architektur einer Familie\",\"potentialAction\":[{\"@type\":\"SearchAction\",\"target\":{\"@type\":\"EntryPoint\",\"urlTemplate\":\"https:\\\/\\\/dieboehms-film.ch\\\/ch\\\/?s={search_term_string}\"},\"query-input\":{\"@type\":\"PropertyValueSpecification\",\"valueRequired\":true,\"valueName\":\"search_term_string\"}}],\"inLanguage\":\"de\"}]}<\/script>\n<!-- \/ Yoast SEO plugin. -->","yoast_head_json":{"title":"PRESSE - DIE B\u00d6HMS","robots":{"index":"index","follow":"follow","max-snippet":"max-snippet:-1","max-image-preview":"max-image-preview:large","max-video-preview":"max-video-preview:-1"},"canonical":"https:\/\/dieboehms-film.ch\/ch\/?page_id=15","og_locale":"de_DE","og_type":"article","og_title":"PRESSE - DIE B\u00d6HMS","og_description":"Pressestimmen &#8222;Ein Highlight! Geh\u00f6rt zum Besten, was beim Leipziger Dok-Fest zu sehen war.&#8220; Artechock &#8222;Absolut sehenswert&#8220; WDR &#8211; West Art, TV-Beitrag &#8222;Ein Film \u00fcber Architektur, aber besonders \u00fcber das Leben &hellip; Continue Reading &rarr;","og_url":"https:\/\/dieboehms-film.ch\/ch\/?page_id=15","og_site_name":"DIE B\u00d6HMS","article_publisher":"https:\/\/www.facebook.com\/dieboehmsfilm","article_modified_time":"2016-04-17T14:54:43+00:00","og_image":[{"url":"http:\/\/dieboehms-film.ch\/ch\/wp-content\/uploads\/2015\/01\/ArchitekturEinerFamilie_GoundSoehne-150x150.jpg","type":"","width":"","height":""}],"twitter_misc":{"Gesch\u00e4tzte Lesezeit":"2\u00a0Minuten"},"schema":{"@context":"https:\/\/schema.org","@graph":[{"@type":"WebPage","@id":"https:\/\/dieboehms-film.ch\/ch\/?page_id=15","url":"https:\/\/dieboehms-film.ch\/ch\/?page_id=15","name":"PRESSE - DIE B\u00d6HMS","isPartOf":{"@id":"https:\/\/dieboehms-film.ch\/ch\/#website"},"primaryImageOfPage":{"@id":"https:\/\/dieboehms-film.ch\/ch\/?page_id=15#primaryimage"},"image":{"@id":"https:\/\/dieboehms-film.ch\/ch\/?page_id=15#primaryimage"},"thumbnailUrl":"http:\/\/dieboehms-film.ch\/ch\/wp-content\/uploads\/2015\/01\/ArchitekturEinerFamilie_GoundSoehne-150x150.jpg","datePublished":"2015-01-09T23:40:47+00:00","dateModified":"2016-04-17T14:54:43+00:00","breadcrumb":{"@id":"https:\/\/dieboehms-film.ch\/ch\/?page_id=15#breadcrumb"},"inLanguage":"de","potentialAction":[{"@type":"ReadAction","target":["https:\/\/dieboehms-film.ch\/ch\/?page_id=15"]}]},{"@type":"ImageObject","inLanguage":"de","@id":"https:\/\/dieboehms-film.ch\/ch\/?page_id=15#primaryimage","url":"http:\/\/dieboehms-film.ch\/ch\/wp-content\/uploads\/2015\/01\/ArchitekturEinerFamilie_GoundSoehne-150x150.jpg","contentUrl":"http:\/\/dieboehms-film.ch\/ch\/wp-content\/uploads\/2015\/01\/ArchitekturEinerFamilie_GoundSoehne-150x150.jpg"},{"@type":"BreadcrumbList","@id":"https:\/\/dieboehms-film.ch\/ch\/?page_id=15#breadcrumb","itemListElement":[{"@type":"ListItem","position":1,"name":"Startseite","item":"https:\/\/dieboehms-film.ch\/ch\/"},{"@type":"ListItem","position":2,"name":"PRESSE"}]},{"@type":"WebSite","@id":"https:\/\/dieboehms-film.ch\/ch\/#website","url":"https:\/\/dieboehms-film.ch\/ch\/","name":"DIE B\u00d6HMS","description":"Architektur einer Familie","potentialAction":[{"@type":"SearchAction","target":{"@type":"EntryPoint","urlTemplate":"https:\/\/dieboehms-film.ch\/ch\/?s={search_term_string}"},"query-input":{"@type":"PropertyValueSpecification","valueRequired":true,"valueName":"search_term_string"}}],"inLanguage":"de"}]}},"_links":{"self":[{"href":"https:\/\/dieboehms-film.ch\/ch\/index.php?rest_route=\/wp\/v2\/pages\/15","targetHints":{"allow":["GET"]}}],"collection":[{"href":"https:\/\/dieboehms-film.ch\/ch\/index.php?rest_route=\/wp\/v2\/pages"}],"about":[{"href":"https:\/\/dieboehms-film.ch\/ch\/index.php?rest_route=\/wp\/v2\/types\/page"}],"author":[{"embeddable":true,"href":"https:\/\/dieboehms-film.ch\/ch\/index.php?rest_route=\/wp\/v2\/users\/1"}],"replies":[{"embeddable":true,"href":"https:\/\/dieboehms-film.ch\/ch\/index.php?rest_route=%2Fwp%2Fv2%2Fcomments&post=15"}],"version-history":[{"count":53,"href":"https:\/\/dieboehms-film.ch\/ch\/index.php?rest_route=\/wp\/v2\/pages\/15\/revisions"}],"predecessor-version":[{"id":358,"href":"https:\/\/dieboehms-film.ch\/ch\/index.php?rest_route=\/wp\/v2\/pages\/15\/revisions\/358"}],"wp:attachment":[{"href":"https:\/\/dieboehms-film.ch\/ch\/index.php?rest_route=%2Fwp%2Fv2%2Fmedia&parent=15"}],"curies":[{"name":"wp","href":"https:\/\/api.w.org\/{rel}","templated":true}]}}