{"id":13,"date":"2015-01-09T23:40:36","date_gmt":"2015-01-09T23:40:36","guid":{"rendered":"http:\/\/dieboehms-film.ch\/ch\/wordpress\/?page_id=13"},"modified":"2015-01-14T09:07:17","modified_gmt":"2015-01-14T09:07:17","slug":"film-crew","status":"publish","type":"page","link":"https:\/\/dieboehms-film.ch\/ch\/?page_id=13","title":{"rendered":"FILM"},"content":{"rendered":"<h2 style=\"text-align: center;\">Kurzsynopsis<\/h2>\n<div id=\"stcpDiv\" style=\"text-align: center;\">\n<p style=\"text-align: left;\">Gottfried B\u00f6hm gilt als einer der wichtigsten Architekten Deutschlands. Der Pritzker-Preistr\u00e4ger hat sein Handwerk beim Vater gelernt. Auch seine S\u00f6hne, Stephan, Peter und Paul sind Architekten geworden. Inzwischen 94 Jahre alt, arbeitet Gottfried noch t\u00e4glich an Bauprojekten mit. Als Elisabeth, ebenfalls Architektin, Ehefrau, Mutter und wichtigste Inspiration stirbt, wird die Familie ihres emotionalen Mittelpunkts beraubt. Gottfried B\u00f6hm begibt sich auf eine Reise zu den wesentlichen Stationen und Bauten seines Lebens.<\/p>\n<p style=\"text-align: left;\">Ein faszinierendes Familienportrait \u00fcber die Komplexit\u00e4t und Untrennbarkeit von Liebe, Glaube und (Bau-)Kunst.<\/p>\n<\/div>\n<p style=\"text-align: center;\"><a href=\"https:\/\/dieboehms-film.ch\/ch\/wp-content\/uploads\/2015\/01\/ArchitekturEinerFamilie_GoundSoehne.jpg\"><img loading=\"lazy\" decoding=\"async\" class=\"aligncenter size-large wp-image-102\" src=\"https:\/\/dieboehms-film.ch\/ch\/wp-content\/uploads\/2015\/01\/ArchitekturEinerFamilie_GoundSoehne-1024x576.jpg\" alt=\"ArchitekturEinerFamilie_GoundSoehne\" width=\"642\" height=\"361\" srcset=\"https:\/\/dieboehms-film.ch\/ch\/wp-content\/uploads\/2015\/01\/ArchitekturEinerFamilie_GoundSoehne-1024x576.jpg 1024w, https:\/\/dieboehms-film.ch\/ch\/wp-content\/uploads\/2015\/01\/ArchitekturEinerFamilie_GoundSoehne-300x169.jpg 300w, https:\/\/dieboehms-film.ch\/ch\/wp-content\/uploads\/2015\/01\/ArchitekturEinerFamilie_GoundSoehne-210x118.jpg 210w, https:\/\/dieboehms-film.ch\/ch\/wp-content\/uploads\/2015\/01\/ArchitekturEinerFamilie_GoundSoehne.jpg 1920w\" sizes=\"auto, (max-width: 642px) 100vw, 642px\" \/><\/a><\/p>\n<h2 style=\"text-align: center;\">Synopsis<\/h2>\n<p style=\"text-align: left;\">Bereits als Kind hat Gottfried B\u00f6hm im B\u00fcro seines Vaters Kirchenfenster gezeichnet. Dominikus hat in den 20er und 30er Jahren den Kirchenbau in Deutschland revolutioniert. Nach dem Studium der Bildhauerei und Architektur arbeitet Gottfried im B\u00fcro seines Vaters in K\u00f6ln und re\u00fcssiert dort schon 1947 mit seinem ersten eigenen Bau der Kapelle \u201eMadonna in den Tr\u00fcmmern\u201c. Im zerst\u00f6rten Rheinland kann er nach dem Krieg mehr als 50 Kirchen bauen, darunter als bekannteste die Wallfahrtskirche in Neviges. Die eigenwilligen, skulpturalen Beton-, Stahl- und Glasbauten schaffen B\u00f6hm weltweites Ansehen. 1986 wird er als erster und bisher einziger Deutscher mit dem Pritzker-Preis f\u00fcr Architektur, dem Pendant des Nobelpreises, ausgezeichnet.<\/p>\n<p style=\"text-align: left;\">Seine Frau Elisabeth hat ebenfalls in M\u00fcnchen Architektur studiert. Obgleich sie sich prim\u00e4r um die Familie k\u00fcmmert, ist sie wichtige Inspiration und kritische Instanz \u2013 nicht allein f\u00fcr Gottfried, sondern auch f\u00fcr ihre S\u00f6hne. Im Garten des von Dominikus B\u00f6hm in K\u00f6ln-Marienburg erbauten Familienanwesens bauen Stephan, Peter und Paul schon als Kinder ganze D\u00f6rfer aus Holz und Lehm. Heute betreibt jeder sein eigenes Architekturb\u00fcro, doch alle immer noch unter einem Dach \u2013 zusammen mit ihrem Vater. Es ist nicht leicht f\u00fcr sie, sich unter dem Markenzeichen \u201eB\u00f6hm\u201c einen eigenen Namen zu machen. Aber allen dreien gelingt es, herausragende Gro\u00dfbauten zu realisieren: Stephan etwa mit der Hauptverwaltung der Deutschen Bahn in Frankfurt, Peter u.a. mit dem Museum \u00c4gyptischer Kunst in M\u00fcnchen und Paul mit der K\u00f6lner Zentralmoschee.<\/p>\n<p style=\"text-align: left;\">Die S\u00f6hne vermeiden es, bei Wettbewerben gegeneinander anzutreten. Ansonsten herrscht ein \u201eKonkurrenzverh\u00e4ltnis\u201c. Bei der enormen Anzahl nationaler und internationaler Konkurrenten muss jeder der Br\u00fcder schauen, wo er bleibt und sei es manchmal auch auf Kosten des anderen. W\u00e4hrend der Vater im zerst\u00f6rten Nachkriegsdeutschland den Raum und die Auftr\u00e4ge hatte, sich zu entwickeln, muss Stephan nach China ausweichen. Auch dort hat der Name B\u00f6hm besonderen Klang, aber anstelle solider deutscher Baukunst erwartet man schnelle und billige Hochh\u00e4user.<\/p>\n<p style=\"text-align: left;\">Der Umgang zwischen Bauherrn und Architekten hat sich unter dem Kostendruck ver\u00e4ndert. Man verkehrt nicht selten per Gericht, wie etwa Paul und seine Auftraggeber bei der Zentralmoschee in K\u00f6ln. Peter berichtet von \u201epanischen N\u00e4chten\u201c, die existenziell sind. Die vom Gro\u00dfvater und Vater ererbten handwerklichen, k\u00fcnstlerischen und sozialen Ambitionen lassen sich immer schwerer aufrecht halten. \u201eDie Familie hat unter der Arbeit gelitten, aber manchmal hat auch die Arbeit unter der Familie gelitten&#8230;\u201c meint Gottfried.<\/p>\n<p style=\"text-align: left;\">Und dann stirbt Elisabeth. Viele Jahre lang hat sich Gottfried um seine demenzkranke Frau gek\u00fcmmert. Ihr Tod trifft ihn bis ins Mark. \u201eManchmal wache ich morgens auf und wei\u00df nicht, was ich tun soll\u201c. Er kauft sich noch mal ein Auto und f\u00e4hrt in die geliebten Berge. Er besucht seinen Bruder und schl\u00e4gt ihn, ungeachtet des Alters, wie immer im Tischtennis. \u201eAber ohne Arbeit kann ich nicht leben\u201c. Noch immer sieht der 94 j\u00e4hrige seinen Platz am Zeichentisch.<\/p>\n<p style=\"text-align: left;\">Inzwischen studiert der erste Enkel von Gottfried Architektur. Die Leidenschaft in der Familie f\u00fcrs Bauen scheint ungebrochen. Und schlie\u00dflich gelingt es auch Gottfried, einen v\u00f6llig neuen Bau zu realisieren: das Hans-Otto-Theater in Potsdam. Hier setzt er Elisabeth ein Denkmal, mit leichten, schwebenden Schalen, anstelle der wuchtigen Bauten der 60er Jahre.<\/p>\n<p style=\"text-align: left;\">Statt Betongrau in Rot, Elisabeths Lieblingsfarbe. Der Theaterbau am Havel-Ufer scheint selbst zu tanzen im Spiegel des vorbeiziehenden Flusses.<\/p>\n<p style=\"text-align: left;\">\u00dcber zwei Jahre hinweg hat der junge Filmemacher Maurizius Staerkle Drux die Arbeit und das Leben der B\u00f6hms begleitet und dabei ebenso anr\u00fchrende Szenen wie auch konfliktgeladene Momente filmen k\u00f6nnen. Zusammen mit den eindr\u00fccklichen Bildern seines Kameramanns Raphael Beinder von den B\u00f6hm-Bauten, zeichnen sie ein pr\u00e4gnantes und emotional aufgeladenes Portr\u00e4t einer einzigartigen Architektenfamilie.<\/p>\n<h2 style=\"text-align: center;\"><\/h2>\n<h2 style=\"text-align: center;\">Protagonisten<\/h2>\n<p>&nbsp;<\/p>\n<table border=\"0\" width=\"100%\">\n<tbody>\n<tr>\n<td align=\"left\" valign=\"top\" width=\"150px\">\u00a0<b><a href=\"https:\/\/dieboehms-film.ch\/ch\/wp-content\/uploads\/2015\/01\/GoDenkt.jpg\"><img loading=\"lazy\" decoding=\"async\" class=\"alignleft size-thumbnail wp-image-103\" src=\"https:\/\/dieboehms-film.ch\/ch\/wp-content\/uploads\/2015\/01\/GoDenkt-150x150.jpg\" alt=\"GoDenkt\" width=\"150\" height=\"150\" srcset=\"https:\/\/dieboehms-film.ch\/ch\/wp-content\/uploads\/2015\/01\/GoDenkt-150x150.jpg 150w, https:\/\/dieboehms-film.ch\/ch\/wp-content\/uploads\/2015\/01\/GoDenkt-210x210.jpg 210w\" sizes=\"auto, (max-width: 150px) 100vw, 150px\" \/><\/a><\/b><\/td>\n<td align=\"left\" valign=\"top\" width=\"\">\u00a0<b>Gottfried B\u00f6hm<\/b> (* 1920) ist ein deutscher Architekt und Bildhauer. Seine Bekanntheit gr\u00fcndet sich auf die Schaffung h\u00f6chst skulpturaler Bauten aus Beton, Stahl und Glas, von denen einige als \u201eArchitektur-Ikonen des 20. Jahrhunderts\u201c gelten. B\u00f6hms erster eigenst\u00e4ndiger Bau war die K\u00f6lner Kapelle &#8222;Madonna in den Tr\u00fcmmern&#8220;; sein wohl bedeutendster Bau ist der Mariendom in Neviges. Der bislang j\u00fcngste vollendete Bau unter B\u00f6hms Beteiligung ist das Hans Otto Theater in Potsdam. 1986 wurde er als bisher einziger deutscher Architekt mit dem angesehenen <a title=\"Pritzker-Architektur-Preis\" href=\"http:\/\/de.wikipedia.org\/wiki\/Pritzker-Architektur-Preis\">Pritzker-Preis<\/a> ausgezeichnet.<\/td>\n<\/tr>\n<tr>\n<td align=\"left\" valign=\"top\">\u00a0<b><a href=\"https:\/\/dieboehms-film.ch\/ch\/wp-content\/uploads\/2015\/01\/Go-El-New.jpg\"><img loading=\"lazy\" decoding=\"async\" class=\"alignleft size-thumbnail wp-image-100\" src=\"https:\/\/dieboehms-film.ch\/ch\/wp-content\/uploads\/2015\/01\/Go-El-New-150x150.jpg\" alt=\"Go El New\" width=\"150\" height=\"150\" srcset=\"https:\/\/dieboehms-film.ch\/ch\/wp-content\/uploads\/2015\/01\/Go-El-New-150x150.jpg 150w, https:\/\/dieboehms-film.ch\/ch\/wp-content\/uploads\/2015\/01\/Go-El-New-210x210.jpg 210w\" sizes=\"auto, (max-width: 150px) 100vw, 150px\" \/><\/a><\/b><\/td>\n<td align=\"left\" valign=\"top\">\u00a0<b>Elisabeth B\u00f6hm<\/b> (1921 &#8211; 2012) war eine deutsche Architektin. Sie war die Ehefrau von\u00a0Gottfried B\u00f6hm und die Mutter der Architekten Stephan, Peter und Paul sowie des K\u00fcnstlers Markus B\u00f6hm. Sie war mitverantwortlich f\u00fcr zahlreiche realisierte B\u00f6hm-Bauten und eine Reihe von unverwirklichten Projekten. Im Jahr 2000 wurde sie vom <i>K\u00f6lner Architekten- und Ingenieurverein<\/i> mit einer Ehrenplakette f\u00fcr ihr Lebenswerk ausgezeichnet.<\/td>\n<\/tr>\n<tr>\n<td align=\"left\" valign=\"top\">\u00a0<a href=\"https:\/\/dieboehms-film.ch\/ch\/wp-content\/uploads\/2015\/01\/15Sa.jpg\"><img loading=\"lazy\" decoding=\"async\" class=\" size-thumbnail wp-image-145 alignleft\" src=\"https:\/\/dieboehms-film.ch\/ch\/wp-content\/uploads\/2015\/01\/15Sa-150x150.jpg\" alt=\"Stephan B\u00f6hm\" width=\"150\" height=\"150\" srcset=\"https:\/\/dieboehms-film.ch\/ch\/wp-content\/uploads\/2015\/01\/15Sa-150x150.jpg 150w, https:\/\/dieboehms-film.ch\/ch\/wp-content\/uploads\/2015\/01\/15Sa-210x210.jpg 210w\" sizes=\"auto, (max-width: 150px) 100vw, 150px\" \/><\/a><\/td>\n<td align=\"left\" valign=\"top\">\u00a0<strong>Stephan B\u00f6hm<\/strong> (*1950) ist ein deutscher Architekt. Er ist der erstgeborene Sohn des Architekten Gottfried B\u00f6hm. Im Jahr 2000 wurde er zum Professor an die Fachhochschule nach M\u00fcnster berufen. Er realisierte mehrere Beauten wie beispielsweise das Deutsche Bahn Hauptquartier Frankfurt am Main, 1989\u20131993. Zur Zeit baut er den Rui Dong Technology Garden\u00a0 in Nanning, China.<\/td>\n<\/tr>\n<tr>\n<td align=\"left\" valign=\"top\">\u00a0<a href=\"https:\/\/dieboehms-film.ch\/ch\/wp-content\/uploads\/2015\/01\/15Pe.jpg\"><img loading=\"lazy\" decoding=\"async\" class=\" size-thumbnail wp-image-148 alignleft\" src=\"https:\/\/dieboehms-film.ch\/ch\/wp-content\/uploads\/2015\/01\/15Pe-150x150.jpg\" alt=\"Peter B\u00f6hm\" width=\"150\" height=\"150\" srcset=\"https:\/\/dieboehms-film.ch\/ch\/wp-content\/uploads\/2015\/01\/15Pe-150x150.jpg 150w, https:\/\/dieboehms-film.ch\/ch\/wp-content\/uploads\/2015\/01\/15Pe-210x210.jpg 210w\" sizes=\"auto, (max-width: 150px) 100vw, 150px\" \/><\/a><\/td>\n<td align=\"left\" valign=\"top\">\u00a0<strong>Peter B\u00f6hm<\/strong> (*1954) ist ein deutscher Architekt, der in K\u00f6ln lebt und arbeitet. Er f\u00fchrt seit 2002 sein eigenes B\u00fcro, Peter B\u00f6hm Architekten. Dabei konnte er auf Erfahrung mit sehr anspruchsvollen gro\u00dfen Projekten zum Beispiel die K\u00f6lnarena, das Stadthaus K\u00f6ln sowie auch sehr kleinen, ebenso anspruchsvollen Projekten, zum Beispiel das Pfarrheim St. Wolfgang in Regensburg, zur\u00fcckgreifen. Zahlreiche Gastvortr\u00e4ge, Seminare und Ausstellungen begleiten seine Arbeit.<\/td>\n<\/tr>\n<tr>\n<td align=\"left\" valign=\"top\">\u00a0<a href=\"https:\/\/dieboehms-film.ch\/ch\/wp-content\/uploads\/2015\/01\/15Pa.jpg\"><img loading=\"lazy\" decoding=\"async\" class=\" size-thumbnail wp-image-146 alignleft\" src=\"https:\/\/dieboehms-film.ch\/ch\/wp-content\/uploads\/2015\/01\/15Pa-150x150.jpg\" alt=\"Paul B\u00f6hm\" width=\"150\" height=\"150\" srcset=\"https:\/\/dieboehms-film.ch\/ch\/wp-content\/uploads\/2015\/01\/15Pa-150x150.jpg 150w, https:\/\/dieboehms-film.ch\/ch\/wp-content\/uploads\/2015\/01\/15Pa-210x210.jpg 210w\" sizes=\"auto, (max-width: 150px) 100vw, 150px\" \/><\/a><\/td>\n<td align=\"left\" valign=\"top\"><strong>Paul B\u00f6hm<\/strong> (*\u00a01959)\u00a0ist ein deutscher Architekt.\u00a0Er ist der j\u00fcngste von vier S\u00f6hnen Gottfired B\u00f6hms\u00a0und ein Enkel von Dominikus B\u00f6hm.\u00a0Das B\u00fcro Paul B\u00f6hm entwickelt pers\u00f6nliche Architektur f\u00fcr den Menschen, den Ort und die jeweilige Nutzung. Seit 2006 baut er u.A. die Zentralmoschee in K\u00f6ln und ist als Dekan der Fakult\u00e4t f\u00fcr Architektur der Fachhochschule K\u00f6ln t\u00e4tig.<\/td>\n<\/tr>\n<\/tbody>\n<\/table>\n<p>&nbsp;<\/p>\n<p>&nbsp;<\/p>\n<p>&nbsp;<\/p>\n","protected":false},"excerpt":{"rendered":"<p>Kurzsynopsis Gottfried B\u00f6hm gilt als einer der wichtigsten Architekten Deutschlands. Der Pritzker-Preistr\u00e4ger hat sein Handwerk beim Vater gelernt. Auch seine S\u00f6hne, Stephan, Peter und Paul sind Architekten geworden. Inzwischen 94 &hellip; <a class=\"readmore\" href=\"https:\/\/dieboehms-film.ch\/ch\/?page_id=13\">Continue Reading &rarr;<\/a><\/p>\n","protected":false},"author":1,"featured_media":0,"parent":0,"menu_order":0,"comment_status":"open","ping_status":"open","template":"","meta":{"footnotes":""},"class_list":["post-13","page","type-page","status-publish","hentry"],"yoast_head":"<!-- This site is optimized with the Yoast SEO plugin v27.5 - https:\/\/yoast.com\/product\/yoast-seo-wordpress\/ -->\n<title>FILM - DIE B\u00d6HMS<\/title>\n<meta name=\"robots\" content=\"index, follow, max-snippet:-1, max-image-preview:large, max-video-preview:-1\" \/>\n<link rel=\"canonical\" href=\"https:\/\/dieboehms-film.ch\/ch\/?page_id=13\" \/>\n<meta property=\"og:locale\" content=\"de_DE\" \/>\n<meta property=\"og:type\" content=\"article\" \/>\n<meta property=\"og:title\" content=\"FILM - DIE B\u00d6HMS\" \/>\n<meta property=\"og:description\" content=\"Kurzsynopsis Gottfried B\u00f6hm gilt als einer der wichtigsten Architekten Deutschlands. Der Pritzker-Preistr\u00e4ger hat sein Handwerk beim Vater gelernt. Auch seine S\u00f6hne, Stephan, Peter und Paul sind Architekten geworden. Inzwischen 94 &hellip; Continue Reading &rarr;\" \/>\n<meta property=\"og:url\" content=\"https:\/\/dieboehms-film.ch\/ch\/?page_id=13\" \/>\n<meta property=\"og:site_name\" content=\"DIE B\u00d6HMS\" \/>\n<meta property=\"article:publisher\" content=\"https:\/\/www.facebook.com\/dieboehmsfilm\" \/>\n<meta property=\"article:modified_time\" content=\"2015-01-14T09:07:17+00:00\" \/>\n<meta property=\"og:image\" content=\"http:\/\/dieboehms-film.ch\/ch\/wp-content\/uploads\/2015\/01\/ArchitekturEinerFamilie_GoundSoehne-1024x576.jpg\" \/>\n<meta name=\"twitter:label1\" content=\"Gesch\u00e4tzte Lesezeit\" \/>\n\t<meta name=\"twitter:data1\" content=\"5\u00a0Minuten\" \/>\n<script type=\"application\/ld+json\" class=\"yoast-schema-graph\">{\"@context\":\"https:\\\/\\\/schema.org\",\"@graph\":[{\"@type\":\"WebPage\",\"@id\":\"https:\\\/\\\/dieboehms-film.ch\\\/ch\\\/?page_id=13\",\"url\":\"https:\\\/\\\/dieboehms-film.ch\\\/ch\\\/?page_id=13\",\"name\":\"FILM - DIE B\u00d6HMS\",\"isPartOf\":{\"@id\":\"https:\\\/\\\/dieboehms-film.ch\\\/ch\\\/#website\"},\"primaryImageOfPage\":{\"@id\":\"https:\\\/\\\/dieboehms-film.ch\\\/ch\\\/?page_id=13#primaryimage\"},\"image\":{\"@id\":\"https:\\\/\\\/dieboehms-film.ch\\\/ch\\\/?page_id=13#primaryimage\"},\"thumbnailUrl\":\"http:\\\/\\\/dieboehms-film.ch\\\/ch\\\/wp-content\\\/uploads\\\/2015\\\/01\\\/ArchitekturEinerFamilie_GoundSoehne-1024x576.jpg\",\"datePublished\":\"2015-01-09T23:40:36+00:00\",\"dateModified\":\"2015-01-14T09:07:17+00:00\",\"breadcrumb\":{\"@id\":\"https:\\\/\\\/dieboehms-film.ch\\\/ch\\\/?page_id=13#breadcrumb\"},\"inLanguage\":\"de\",\"potentialAction\":[{\"@type\":\"ReadAction\",\"target\":[\"https:\\\/\\\/dieboehms-film.ch\\\/ch\\\/?page_id=13\"]}]},{\"@type\":\"ImageObject\",\"inLanguage\":\"de\",\"@id\":\"https:\\\/\\\/dieboehms-film.ch\\\/ch\\\/?page_id=13#primaryimage\",\"url\":\"http:\\\/\\\/dieboehms-film.ch\\\/ch\\\/wp-content\\\/uploads\\\/2015\\\/01\\\/ArchitekturEinerFamilie_GoundSoehne-1024x576.jpg\",\"contentUrl\":\"http:\\\/\\\/dieboehms-film.ch\\\/ch\\\/wp-content\\\/uploads\\\/2015\\\/01\\\/ArchitekturEinerFamilie_GoundSoehne-1024x576.jpg\"},{\"@type\":\"BreadcrumbList\",\"@id\":\"https:\\\/\\\/dieboehms-film.ch\\\/ch\\\/?page_id=13#breadcrumb\",\"itemListElement\":[{\"@type\":\"ListItem\",\"position\":1,\"name\":\"Startseite\",\"item\":\"https:\\\/\\\/dieboehms-film.ch\\\/ch\\\/\"},{\"@type\":\"ListItem\",\"position\":2,\"name\":\"FILM\"}]},{\"@type\":\"WebSite\",\"@id\":\"https:\\\/\\\/dieboehms-film.ch\\\/ch\\\/#website\",\"url\":\"https:\\\/\\\/dieboehms-film.ch\\\/ch\\\/\",\"name\":\"DIE B\u00d6HMS\",\"description\":\"Architektur einer Familie\",\"potentialAction\":[{\"@type\":\"SearchAction\",\"target\":{\"@type\":\"EntryPoint\",\"urlTemplate\":\"https:\\\/\\\/dieboehms-film.ch\\\/ch\\\/?s={search_term_string}\"},\"query-input\":{\"@type\":\"PropertyValueSpecification\",\"valueRequired\":true,\"valueName\":\"search_term_string\"}}],\"inLanguage\":\"de\"}]}<\/script>\n<!-- \/ Yoast SEO plugin. -->","yoast_head_json":{"title":"FILM - DIE B\u00d6HMS","robots":{"index":"index","follow":"follow","max-snippet":"max-snippet:-1","max-image-preview":"max-image-preview:large","max-video-preview":"max-video-preview:-1"},"canonical":"https:\/\/dieboehms-film.ch\/ch\/?page_id=13","og_locale":"de_DE","og_type":"article","og_title":"FILM - DIE B\u00d6HMS","og_description":"Kurzsynopsis Gottfried B\u00f6hm gilt als einer der wichtigsten Architekten Deutschlands. Der Pritzker-Preistr\u00e4ger hat sein Handwerk beim Vater gelernt. Auch seine S\u00f6hne, Stephan, Peter und Paul sind Architekten geworden. Inzwischen 94 &hellip; Continue Reading &rarr;","og_url":"https:\/\/dieboehms-film.ch\/ch\/?page_id=13","og_site_name":"DIE B\u00d6HMS","article_publisher":"https:\/\/www.facebook.com\/dieboehmsfilm","article_modified_time":"2015-01-14T09:07:17+00:00","og_image":[{"url":"http:\/\/dieboehms-film.ch\/ch\/wp-content\/uploads\/2015\/01\/ArchitekturEinerFamilie_GoundSoehne-1024x576.jpg","type":"","width":"","height":""}],"twitter_misc":{"Gesch\u00e4tzte Lesezeit":"5\u00a0Minuten"},"schema":{"@context":"https:\/\/schema.org","@graph":[{"@type":"WebPage","@id":"https:\/\/dieboehms-film.ch\/ch\/?page_id=13","url":"https:\/\/dieboehms-film.ch\/ch\/?page_id=13","name":"FILM - DIE B\u00d6HMS","isPartOf":{"@id":"https:\/\/dieboehms-film.ch\/ch\/#website"},"primaryImageOfPage":{"@id":"https:\/\/dieboehms-film.ch\/ch\/?page_id=13#primaryimage"},"image":{"@id":"https:\/\/dieboehms-film.ch\/ch\/?page_id=13#primaryimage"},"thumbnailUrl":"http:\/\/dieboehms-film.ch\/ch\/wp-content\/uploads\/2015\/01\/ArchitekturEinerFamilie_GoundSoehne-1024x576.jpg","datePublished":"2015-01-09T23:40:36+00:00","dateModified":"2015-01-14T09:07:17+00:00","breadcrumb":{"@id":"https:\/\/dieboehms-film.ch\/ch\/?page_id=13#breadcrumb"},"inLanguage":"de","potentialAction":[{"@type":"ReadAction","target":["https:\/\/dieboehms-film.ch\/ch\/?page_id=13"]}]},{"@type":"ImageObject","inLanguage":"de","@id":"https:\/\/dieboehms-film.ch\/ch\/?page_id=13#primaryimage","url":"http:\/\/dieboehms-film.ch\/ch\/wp-content\/uploads\/2015\/01\/ArchitekturEinerFamilie_GoundSoehne-1024x576.jpg","contentUrl":"http:\/\/dieboehms-film.ch\/ch\/wp-content\/uploads\/2015\/01\/ArchitekturEinerFamilie_GoundSoehne-1024x576.jpg"},{"@type":"BreadcrumbList","@id":"https:\/\/dieboehms-film.ch\/ch\/?page_id=13#breadcrumb","itemListElement":[{"@type":"ListItem","position":1,"name":"Startseite","item":"https:\/\/dieboehms-film.ch\/ch\/"},{"@type":"ListItem","position":2,"name":"FILM"}]},{"@type":"WebSite","@id":"https:\/\/dieboehms-film.ch\/ch\/#website","url":"https:\/\/dieboehms-film.ch\/ch\/","name":"DIE B\u00d6HMS","description":"Architektur einer Familie","potentialAction":[{"@type":"SearchAction","target":{"@type":"EntryPoint","urlTemplate":"https:\/\/dieboehms-film.ch\/ch\/?s={search_term_string}"},"query-input":{"@type":"PropertyValueSpecification","valueRequired":true,"valueName":"search_term_string"}}],"inLanguage":"de"}]}},"_links":{"self":[{"href":"https:\/\/dieboehms-film.ch\/ch\/index.php?rest_route=\/wp\/v2\/pages\/13","targetHints":{"allow":["GET"]}}],"collection":[{"href":"https:\/\/dieboehms-film.ch\/ch\/index.php?rest_route=\/wp\/v2\/pages"}],"about":[{"href":"https:\/\/dieboehms-film.ch\/ch\/index.php?rest_route=\/wp\/v2\/types\/page"}],"author":[{"embeddable":true,"href":"https:\/\/dieboehms-film.ch\/ch\/index.php?rest_route=\/wp\/v2\/users\/1"}],"replies":[{"embeddable":true,"href":"https:\/\/dieboehms-film.ch\/ch\/index.php?rest_route=%2Fwp%2Fv2%2Fcomments&post=13"}],"version-history":[{"count":39,"href":"https:\/\/dieboehms-film.ch\/ch\/index.php?rest_route=\/wp\/v2\/pages\/13\/revisions"}],"predecessor-version":[{"id":217,"href":"https:\/\/dieboehms-film.ch\/ch\/index.php?rest_route=\/wp\/v2\/pages\/13\/revisions\/217"}],"wp:attachment":[{"href":"https:\/\/dieboehms-film.ch\/ch\/index.php?rest_route=%2Fwp%2Fv2%2Fmedia&parent=13"}],"curies":[{"name":"wp","href":"https:\/\/api.w.org\/{rel}","templated":true}]}}